{"id":8455,"date":"2026-02-10T15:06:52","date_gmt":"2026-02-10T14:06:52","guid":{"rendered":"https:\/\/welterbe-grumsin.de\/lecture-series-2026\/"},"modified":"2026-04-28T14:26:24","modified_gmt":"2026-04-28T12:26:24","slug":"lecture-series-2026","status":"publish","type":"page","link":"https:\/\/welterbe-grumsin.de\/en\/lecture-series-2026\/","title":{"rendered":"Lecture series 2026"},"content":{"rendered":"\t\t<div data-elementor-type=\"wp-page\" data-elementor-id=\"8455\" class=\"elementor elementor-8455 elementor-8296\" data-elementor-post-type=\"page\">\n\t\t\t\t<div class=\"elementor-element elementor-element-d54c372 e-flex e-con-boxed e-con e-parent\" data-id=\"d54c372\" data-element_type=\"container\" data-e-type=\"container\">\n\t\t\t\t\t<div class=\"e-con-inner\">\n\t\t\t\t<div class=\"elementor-element elementor-element-a88f66a elementor-widget elementor-widget-heading\" data-id=\"a88f66a\" data-element_type=\"widget\" data-e-type=\"widget\" data-widget_type=\"heading.default\">\n\t\t\t\t<div class=\"elementor-widget-container\">\n\t\t\t\t\t<h2 class=\"elementor-heading-title elementor-size-default\">Lecture series on the Grumsin Beech Forest 2026 World Heritage Site<\/h2>\t\t\t\t<\/div>\n\t\t\t\t<\/div>\n\t\t\t\t\t<\/div>\n\t\t\t\t<\/div>\n\t\t<div class=\"elementor-element elementor-element-7a98cd8 e-flex e-con-boxed e-con e-parent\" data-id=\"7a98cd8\" data-element_type=\"container\" data-e-type=\"container\">\n\t\t\t\t\t<div class=\"e-con-inner\">\n\t\t\t\t<div class=\"elementor-element elementor-element-ae3f626 elementor-widget elementor-widget-text-editor\" data-id=\"ae3f626\" data-element_type=\"widget\" data-e-type=\"widget\" data-widget_type=\"text-editor.default\">\n\t\t\t\t<div class=\"elementor-widget-container\">\n\t\t\t\t\t\t\t\t\t<p>New topics for the lecture series on the Grumsin Beech Forest UNESCO World Heritage Site<\/p><p>First lecture starts on April 11 at the Infopunkt Altk\u00fcnkendorf<\/p><p>The lecture series at the Info Point is taking place for the fourth time at the Altk\u00fcnkendorf Info Point. This year, there will once again be ten lectures that will provide an in-depth look at the Grumsin Beech Forest. <\/p><p>Here is an overview of all dates and topics:<\/p>\t\t\t\t\t\t\t\t<\/div>\n\t\t\t\t<\/div>\n\t\t\t\t\t<\/div>\n\t\t\t\t<\/div>\n\t\t<div class=\"elementor-element elementor-element-7a3d206 e-flex e-con-boxed e-con e-parent\" data-id=\"7a3d206\" data-element_type=\"container\" data-e-type=\"container\">\n\t\t\t\t\t<div class=\"e-con-inner\">\n\t\t\t\t<div class=\"elementor-element elementor-element-3db10b1 elementor-widget elementor-widget-image\" data-id=\"3db10b1\" data-element_type=\"widget\" data-e-type=\"widget\" data-widget_type=\"image.default\">\n\t\t\t\t<div class=\"elementor-widget-container\">\n\t\t\t\t\t\t\t\t\t\t\t\t\t\t\t<img fetchpriority=\"high\" decoding=\"async\" width=\"800\" height=\"1000\" src=\"https:\/\/welterbe-grumsin.de\/wp-content\/uploads\/2026\/02\/Vortragsreihe-2026-819x1024.jpg\" class=\"attachment-large size-large wp-image-8325\" alt=\"Lecture series for the Grumsin Beech Forest 2026 World Heritage Site\" srcset=\"https:\/\/welterbe-grumsin.de\/wp-content\/uploads\/2026\/02\/Vortragsreihe-2026-819x1024.jpg 819w, https:\/\/welterbe-grumsin.de\/wp-content\/uploads\/2026\/02\/Vortragsreihe-2026-240x300.jpg 240w, https:\/\/welterbe-grumsin.de\/wp-content\/uploads\/2026\/02\/Vortragsreihe-2026-768x960.jpg 768w, https:\/\/welterbe-grumsin.de\/wp-content\/uploads\/2026\/02\/Vortragsreihe-2026-1229x1536.jpg 1229w, https:\/\/welterbe-grumsin.de\/wp-content\/uploads\/2026\/02\/Vortragsreihe-2026.jpg 1536w\" sizes=\"(max-width: 800px) 100vw, 800px\" \/>\t\t\t\t\t\t\t\t\t\t\t\t\t\t\t<\/div>\n\t\t\t\t<\/div>\n\t\t\t\t\t<\/div>\n\t\t\t\t<\/div>\n\t\t<div class=\"elementor-element elementor-element-f247dda e-flex e-con-boxed e-con e-parent\" data-id=\"f247dda\" data-element_type=\"container\" data-e-type=\"container\">\n\t\t\t\t\t<div class=\"e-con-inner\">\n\t\t\t\t<div class=\"elementor-element elementor-element-64e95b9 elementor-widget elementor-widget-text-editor\" data-id=\"64e95b9\" data-element_type=\"widget\" data-e-type=\"widget\" data-widget_type=\"text-editor.default\">\n\t\t\t\t<div class=\"elementor-widget-container\">\n\t\t\t\t\t\t\t\t\t<p><strong>Place and time<\/strong><\/p><p>The lectures will take place at 15:00 in the information point of the UNESCO World Natural Heritage Site Grumsin Beech Forest in Altk\u00fcnkendorf, Altk\u00fcnkendorfer Stra\u00dfe 20. Admission is free and no registration is required. The lecture, including discussion, lasts about an hour, so you can travel to and from the event on the World Heritage bus. Please use this overview page on the website <a href=\"https:\/\/welterbe-grumsin.de\/en\/directions\/\">https:\/\/welterbe-grumsin.de\/anreise-grumsin-karte-parken\/<\/a> to find out how to get there.   <\/p><p>This series of events offers a unique opportunity to gain a deeper insight into the many aspects of the Grumsin beech forest &#8211; from its ecological significance and scientific findings to cultural and historical perspectives.<\/p><p>________________________________________<\/p><p>Background information:<\/p><p>The Grumsin Beech Forest is part of the UNESCO World Natural Heritage Site &#8220;Ancient and Primeval Beech Forests of the Carpathians and Other Regions of Europe&#8221;. This area is unique in Brandenburg and a valuable nature reserve that is valued both for its biodiversity and its role as an educational site. <\/p>\t\t\t\t\t\t\t\t<\/div>\n\t\t\t\t<\/div>\n\t\t\t\t\t<\/div>\n\t\t\t\t<\/div>\n\t\t\t\t<\/div>\n\t\t","protected":false},"excerpt":{"rendered":"<p>Lecture series on the Grumsin Beech Forest 2026 World Heritage Site New topics for the lecture series on the Grumsin Beech Forest UNESCO World Heritage Site First lecture starts on April 11 at the Infopunkt Altk\u00fcnkendorf The lecture series at the Info Point is taking place for the fourth time at the Altk\u00fcnkendorf Info Point. [&hellip;]<\/p>\n","protected":false},"author":2,"featured_media":0,"parent":0,"menu_order":0,"comment_status":"closed","ping_status":"closed","template":"","meta":{"_acf_changed":false,"inline_featured_image":false,"footnotes":""},"class_list":["post-8455","page","type-page","status-publish","hentry"],"acf":[],"yoast_head":"<!-- This site is optimized with the Yoast SEO plugin v27.5 - https:\/\/yoast.com\/product\/yoast-seo-wordpress\/ -->\n<title>Lecture series 2026 - Infopunkt Weltnaturerbe Brandenburgs UNESCO<\/title>\n<meta name=\"robots\" content=\"index, follow, max-snippet:-1, max-image-preview:large, max-video-preview:-1\" \/>\n<link rel=\"canonical\" href=\"https:\/\/welterbe-grumsin.de\/en\/lecture-series-2026\/\" \/>\n<meta property=\"og:locale\" content=\"en_US\" \/>\n<meta property=\"og:type\" content=\"article\" \/>\n<meta property=\"og:title\" content=\"Lecture series 2026 - Infopunkt Weltnaturerbe Brandenburgs UNESCO\" \/>\n<meta property=\"og:description\" content=\"Lecture series on the Grumsin Beech Forest 2026 World Heritage Site New topics for the lecture series on the Grumsin Beech Forest UNESCO World Heritage Site First lecture starts on April 11 at the Infopunkt Altk\u00fcnkendorf The lecture series at the Info Point is taking place for the fourth time at the Altk\u00fcnkendorf Info Point. [&hellip;]\" \/>\n<meta property=\"og:url\" content=\"https:\/\/welterbe-grumsin.de\/en\/lecture-series-2026\/\" \/>\n<meta property=\"og:site_name\" content=\"Infopunkt Weltnaturerbe Brandenburgs UNESCO\" \/>\n<meta property=\"article:modified_time\" content=\"2026-04-28T12:26:24+00:00\" \/>\n<meta property=\"og:image\" content=\"https:\/\/welterbe-grumsin.de\/wp-content\/uploads\/2026\/02\/Vortragsreihe-2026.jpg\" \/>\n\t<meta property=\"og:image:width\" content=\"1536\" \/>\n\t<meta property=\"og:image:height\" content=\"1920\" \/>\n\t<meta property=\"og:image:type\" content=\"image\/jpeg\" \/>\n<meta name=\"twitter:card\" content=\"summary_large_image\" \/>\n<meta name=\"twitter:label1\" content=\"Est. reading time\" \/>\n\t<meta name=\"twitter:data1\" content=\"1 minute\" \/>\n<script type=\"application\/ld+json\" class=\"yoast-schema-graph\">{\"@context\":\"https:\\\/\\\/schema.org\",\"@graph\":[{\"@type\":\"WebPage\",\"@id\":\"https:\\\/\\\/welterbe-grumsin.de\\\/en\\\/lecture-series-2026\\\/\",\"url\":\"https:\\\/\\\/welterbe-grumsin.de\\\/en\\\/lecture-series-2026\\\/\",\"name\":\"Lecture series 2026 - Infopunkt Weltnaturerbe Brandenburgs UNESCO\",\"isPartOf\":{\"@id\":\"https:\\\/\\\/welterbe-grumsin.de\\\/en\\\/#website\"},\"primaryImageOfPage\":{\"@id\":\"https:\\\/\\\/welterbe-grumsin.de\\\/en\\\/lecture-series-2026\\\/#primaryimage\"},\"image\":{\"@id\":\"https:\\\/\\\/welterbe-grumsin.de\\\/en\\\/lecture-series-2026\\\/#primaryimage\"},\"thumbnailUrl\":\"https:\\\/\\\/welterbe-grumsin.de\\\/wp-content\\\/uploads\\\/2026\\\/02\\\/Vortragsreihe-2026-819x1024.jpg\",\"datePublished\":\"2026-02-10T14:06:52+00:00\",\"dateModified\":\"2026-04-28T12:26:24+00:00\",\"breadcrumb\":{\"@id\":\"https:\\\/\\\/welterbe-grumsin.de\\\/en\\\/lecture-series-2026\\\/#breadcrumb\"},\"inLanguage\":\"en-US\",\"potentialAction\":[{\"@type\":\"ReadAction\",\"target\":[\"https:\\\/\\\/welterbe-grumsin.de\\\/en\\\/lecture-series-2026\\\/\"]}]},{\"@type\":\"ImageObject\",\"inLanguage\":\"en-US\",\"@id\":\"https:\\\/\\\/welterbe-grumsin.de\\\/en\\\/lecture-series-2026\\\/#primaryimage\",\"url\":\"https:\\\/\\\/welterbe-grumsin.de\\\/wp-content\\\/uploads\\\/2026\\\/02\\\/Vortragsreihe-2026-819x1024.jpg\",\"contentUrl\":\"https:\\\/\\\/welterbe-grumsin.de\\\/wp-content\\\/uploads\\\/2026\\\/02\\\/Vortragsreihe-2026-819x1024.jpg\"},{\"@type\":\"BreadcrumbList\",\"@id\":\"https:\\\/\\\/welterbe-grumsin.de\\\/en\\\/lecture-series-2026\\\/#breadcrumb\",\"itemListElement\":[{\"@type\":\"ListItem\",\"position\":1,\"name\":\"Startseite\",\"item\":\"https:\\\/\\\/welterbe-grumsin.de\\\/en\\\/homesite\\\/\"},{\"@type\":\"ListItem\",\"position\":2,\"name\":\"Lecture series 2026\"}]},{\"@type\":\"WebSite\",\"@id\":\"https:\\\/\\\/welterbe-grumsin.de\\\/en\\\/#website\",\"url\":\"https:\\\/\\\/welterbe-grumsin.de\\\/en\\\/\",\"name\":\"welterbe-grumsin\",\"description\":\"Buchenwald Grumsin - Brandenburgs einziges UNESCO-Weltnaturerbe\",\"publisher\":{\"@id\":\"https:\\\/\\\/welterbe-grumsin.de\\\/en\\\/#organization\"},\"potentialAction\":[{\"@type\":\"SearchAction\",\"target\":{\"@type\":\"EntryPoint\",\"urlTemplate\":\"https:\\\/\\\/welterbe-grumsin.de\\\/en\\\/?s={search_term_string}\"},\"query-input\":{\"@type\":\"PropertyValueSpecification\",\"valueRequired\":true,\"valueName\":\"search_term_string\"}}],\"inLanguage\":\"en-US\"},{\"@type\":\"Organization\",\"@id\":\"https:\\\/\\\/welterbe-grumsin.de\\\/en\\\/#organization\",\"name\":\"Infopunkt Weltnaturerbe Brandenburgs UNESCO\",\"url\":\"https:\\\/\\\/welterbe-grumsin.de\\\/en\\\/\",\"logo\":{\"@type\":\"ImageObject\",\"inLanguage\":\"en-US\",\"@id\":\"https:\\\/\\\/welterbe-grumsin.de\\\/en\\\/#\\\/schema\\\/logo\\\/image\\\/\",\"url\":\"https:\\\/\\\/welterbe-grumsin.de\\\/wp-content\\\/uploads\\\/2024\\\/06\\\/weltnaturerbe_logo.svg\",\"contentUrl\":\"https:\\\/\\\/welterbe-grumsin.de\\\/wp-content\\\/uploads\\\/2024\\\/06\\\/weltnaturerbe_logo.svg\",\"width\":204,\"height\":273,\"caption\":\"Infopunkt Weltnaturerbe Brandenburgs UNESCO\"},\"image\":{\"@id\":\"https:\\\/\\\/welterbe-grumsin.de\\\/en\\\/#\\\/schema\\\/logo\\\/image\\\/\"}}]}<\/script>\n<!-- \/ Yoast SEO plugin. -->","yoast_head_json":{"title":"Lecture series 2026 - Infopunkt Weltnaturerbe Brandenburgs UNESCO","robots":{"index":"index","follow":"follow","max-snippet":"max-snippet:-1","max-image-preview":"max-image-preview:large","max-video-preview":"max-video-preview:-1"},"canonical":"https:\/\/welterbe-grumsin.de\/en\/lecture-series-2026\/","og_locale":"en_US","og_type":"article","og_title":"Lecture series 2026 - Infopunkt Weltnaturerbe Brandenburgs UNESCO","og_description":"Lecture series on the Grumsin Beech Forest 2026 World Heritage Site New topics for the lecture series on the Grumsin Beech Forest UNESCO World Heritage Site First lecture starts on April 11 at the Infopunkt Altk\u00fcnkendorf The lecture series at the Info Point is taking place for the fourth time at the Altk\u00fcnkendorf Info Point. [&hellip;]","og_url":"https:\/\/welterbe-grumsin.de\/en\/lecture-series-2026\/","og_site_name":"Infopunkt Weltnaturerbe Brandenburgs UNESCO","article_modified_time":"2026-04-28T12:26:24+00:00","og_image":[{"width":1536,"height":1920,"url":"https:\/\/welterbe-grumsin.de\/wp-content\/uploads\/2026\/02\/Vortragsreihe-2026.jpg","type":"image\/jpeg"}],"twitter_card":"summary_large_image","twitter_misc":{"Est. reading time":"1 minute"},"schema":{"@context":"https:\/\/schema.org","@graph":[{"@type":"WebPage","@id":"https:\/\/welterbe-grumsin.de\/en\/lecture-series-2026\/","url":"https:\/\/welterbe-grumsin.de\/en\/lecture-series-2026\/","name":"Lecture series 2026 - Infopunkt Weltnaturerbe Brandenburgs UNESCO","isPartOf":{"@id":"https:\/\/welterbe-grumsin.de\/en\/#website"},"primaryImageOfPage":{"@id":"https:\/\/welterbe-grumsin.de\/en\/lecture-series-2026\/#primaryimage"},"image":{"@id":"https:\/\/welterbe-grumsin.de\/en\/lecture-series-2026\/#primaryimage"},"thumbnailUrl":"https:\/\/welterbe-grumsin.de\/wp-content\/uploads\/2026\/02\/Vortragsreihe-2026-819x1024.jpg","datePublished":"2026-02-10T14:06:52+00:00","dateModified":"2026-04-28T12:26:24+00:00","breadcrumb":{"@id":"https:\/\/welterbe-grumsin.de\/en\/lecture-series-2026\/#breadcrumb"},"inLanguage":"en-US","potentialAction":[{"@type":"ReadAction","target":["https:\/\/welterbe-grumsin.de\/en\/lecture-series-2026\/"]}]},{"@type":"ImageObject","inLanguage":"en-US","@id":"https:\/\/welterbe-grumsin.de\/en\/lecture-series-2026\/#primaryimage","url":"https:\/\/welterbe-grumsin.de\/wp-content\/uploads\/2026\/02\/Vortragsreihe-2026-819x1024.jpg","contentUrl":"https:\/\/welterbe-grumsin.de\/wp-content\/uploads\/2026\/02\/Vortragsreihe-2026-819x1024.jpg"},{"@type":"BreadcrumbList","@id":"https:\/\/welterbe-grumsin.de\/en\/lecture-series-2026\/#breadcrumb","itemListElement":[{"@type":"ListItem","position":1,"name":"Startseite","item":"https:\/\/welterbe-grumsin.de\/en\/homesite\/"},{"@type":"ListItem","position":2,"name":"Lecture series 2026"}]},{"@type":"WebSite","@id":"https:\/\/welterbe-grumsin.de\/en\/#website","url":"https:\/\/welterbe-grumsin.de\/en\/","name":"welterbe-grumsin","description":"Buchenwald Grumsin - Brandenburgs einziges UNESCO-Weltnaturerbe","publisher":{"@id":"https:\/\/welterbe-grumsin.de\/en\/#organization"},"potentialAction":[{"@type":"SearchAction","target":{"@type":"EntryPoint","urlTemplate":"https:\/\/welterbe-grumsin.de\/en\/?s={search_term_string}"},"query-input":{"@type":"PropertyValueSpecification","valueRequired":true,"valueName":"search_term_string"}}],"inLanguage":"en-US"},{"@type":"Organization","@id":"https:\/\/welterbe-grumsin.de\/en\/#organization","name":"Infopunkt Weltnaturerbe Brandenburgs UNESCO","url":"https:\/\/welterbe-grumsin.de\/en\/","logo":{"@type":"ImageObject","inLanguage":"en-US","@id":"https:\/\/welterbe-grumsin.de\/en\/#\/schema\/logo\/image\/","url":"https:\/\/welterbe-grumsin.de\/wp-content\/uploads\/2024\/06\/weltnaturerbe_logo.svg","contentUrl":"https:\/\/welterbe-grumsin.de\/wp-content\/uploads\/2024\/06\/weltnaturerbe_logo.svg","width":204,"height":273,"caption":"Infopunkt Weltnaturerbe Brandenburgs UNESCO"},"image":{"@id":"https:\/\/welterbe-grumsin.de\/en\/#\/schema\/logo\/image\/"}}]}},"_links":{"self":[{"href":"https:\/\/welterbe-grumsin.de\/en\/wp-json\/wp\/v2\/pages\/8455","targetHints":{"allow":["GET"]}}],"collection":[{"href":"https:\/\/welterbe-grumsin.de\/en\/wp-json\/wp\/v2\/pages"}],"about":[{"href":"https:\/\/welterbe-grumsin.de\/en\/wp-json\/wp\/v2\/types\/page"}],"author":[{"embeddable":true,"href":"https:\/\/welterbe-grumsin.de\/en\/wp-json\/wp\/v2\/users\/2"}],"replies":[{"embeddable":true,"href":"https:\/\/welterbe-grumsin.de\/en\/wp-json\/wp\/v2\/comments?post=8455"}],"version-history":[{"count":1,"href":"https:\/\/welterbe-grumsin.de\/en\/wp-json\/wp\/v2\/pages\/8455\/revisions"}],"predecessor-version":[{"id":8459,"href":"https:\/\/welterbe-grumsin.de\/en\/wp-json\/wp\/v2\/pages\/8455\/revisions\/8459"}],"wp:attachment":[{"href":"https:\/\/welterbe-grumsin.de\/en\/wp-json\/wp\/v2\/media?parent=8455"}],"curies":[{"name":"wp","href":"https:\/\/api.w.org\/{rel}","templated":true}]}}