{"id":7135,"date":"2024-06-19T05:44:06","date_gmt":"2024-06-19T03:44:06","guid":{"rendered":"https:\/\/welterbe-grumsin.de\/nocleg-i-wyzywienie\/"},"modified":"2025-07-04T12:40:26","modified_gmt":"2025-07-04T10:40:26","slug":"nocleg-i-wyzywienie","status":"publish","type":"page","link":"https:\/\/welterbe-grumsin.de\/pl\/nocleg-i-wyzywienie\/","title":{"rendered":"Nocleg i wy\u017cywienie"},"content":{"rendered":"\t\t<div data-elementor-type=\"wp-page\" data-elementor-id=\"7135\" class=\"elementor elementor-7135 elementor-169\" data-elementor-post-type=\"page\">\n\t\t\t\t<div class=\"elementor-element elementor-element-629c803 e-flex e-con-boxed e-con e-parent\" data-id=\"629c803\" data-element_type=\"container\" data-e-type=\"container\">\n\t\t\t\t\t<div class=\"e-con-inner\">\n\t\t\t\t<div class=\"elementor-element elementor-element-724cd8b elementor-widget elementor-widget-heading\" data-id=\"724cd8b\" data-element_type=\"widget\" data-e-type=\"widget\" data-widget_type=\"heading.default\">\n\t\t\t\t<div class=\"elementor-widget-container\">\n\t\t\t\t\t<h1 class=\"elementor-heading-title elementor-size-default\">Mo\u017cliwo\u015bci zakwaterowania dla klas szkolnych i grup<\/h1>\t\t\t\t<\/div>\n\t\t\t\t<\/div>\n\t\t\t\t\t<\/div>\n\t\t\t\t<\/div>\n\t\t<div class=\"elementor-element elementor-element-94b69be e-flex e-con-boxed e-con e-parent\" data-id=\"94b69be\" data-element_type=\"container\" data-e-type=\"container\">\n\t\t\t\t\t<div class=\"e-con-inner\">\n\t\t<div class=\"elementor-element elementor-element-1b52102 e-con-full e-flex e-con e-child\" data-id=\"1b52102\" data-element_type=\"container\" data-e-type=\"container\">\n\t\t\t\t<div class=\"elementor-element elementor-element-b7b7a62 elementor-widget elementor-widget-heading\" data-id=\"b7b7a62\" data-element_type=\"widget\" data-e-type=\"widget\" data-widget_type=\"heading.default\">\n\t\t\t\t<div class=\"elementor-widget-container\">\n\t\t\t\t\t<h2 class=\"elementor-heading-title elementor-size-default\">Szkolne schronisko m\u0142odzie\u017cowe w Altk\u00fcnkendorf<\/h2>\t\t\t\t<\/div>\n\t\t\t\t<\/div>\n\t\t\t\t<\/div>\n\t\t<div class=\"elementor-element elementor-element-14907d3 e-con-full e-flex e-con e-child\" data-id=\"14907d3\" data-element_type=\"container\" data-e-type=\"container\">\n\t\t\t\t<div class=\"elementor-element elementor-element-9f2ebf9 elementor-widget elementor-widget-text-editor\" data-id=\"9f2ebf9\" data-element_type=\"widget\" data-e-type=\"widget\" data-widget_type=\"text-editor.default\">\n\t\t\t\t<div class=\"elementor-widget-container\">\n\t\t\t\t\t\t\t\t\t<p>Verein der Freunde des Gymnasiums zu Berlin &#8211; Steglitz e. V.<br \/>Dietrich Galow<\/p>\n<p>Pflasterdamm 6 <br \/>16278 Angerm\u00fcnde OT Altk\u00fcnkendorf<br \/>tu\u017c obok lasu wpisanego na list\u0119 \u015bwiatowego dziedzictwa<\/p>\n<p>Telefon: +49 30 85762700 <br \/>Tel. kom.: +49 171 4858715 <br \/>E-mail: <a href=\"mailto:buchungsanfrage@schullandheim-altkuenkendorf.de\">buchungsanfrage@schullandheim-altkuenkendorf.de<\/a>,<\/p>\n<p>(po 2-7 \u0142\u00f3\u017cek, \u0142\u0105cznie 34)<\/p>\n<p><strong>Ceny i inne informacje:<\/strong><br \/><a href=\"https:\/\/www.schullandheim-altkuenkendorf.de\/\" target=\"_blank\" rel=\"noopener\">www.schullandheim-altkuenkendorf.de<\/a><\/p>\n\t\t\t\t\t\t\t\t<\/div>\n\t\t\t\t<\/div>\n\t\t\t\t<\/div>\n\t\t<div class=\"elementor-element elementor-element-6b7eecc e-con-full e-flex e-con e-child\" data-id=\"6b7eecc\" data-element_type=\"container\" data-e-type=\"container\">\n\t\t\t\t<div class=\"elementor-element elementor-element-d392f04 elementor-widget elementor-widget-image\" data-id=\"d392f04\" data-element_type=\"widget\" data-e-type=\"widget\" data-widget_type=\"image.default\">\n\t\t\t\t<div class=\"elementor-widget-container\">\n\t\t\t\t\t\t\t\t\t\t\t\t<figure class=\"wp-caption\">\n\t\t\t\t\t\t\t\t\t\t<img fetchpriority=\"high\" decoding=\"async\" width=\"800\" height=\"534\" src=\"https:\/\/welterbe-grumsin.de\/wp-content\/uploads\/2024\/09\/schullandheim_altkuenkendorf-content.jpg\" class=\"attachment-large size-large wp-image-6134\" alt=\"\" srcset=\"https:\/\/welterbe-grumsin.de\/wp-content\/uploads\/2024\/09\/schullandheim_altkuenkendorf-content.jpg 1024w, https:\/\/welterbe-grumsin.de\/wp-content\/uploads\/2024\/09\/schullandheim_altkuenkendorf-content-300x200.jpg 300w, https:\/\/welterbe-grumsin.de\/wp-content\/uploads\/2024\/09\/schullandheim_altkuenkendorf-content-768x512.jpg 768w\" sizes=\"(max-width: 800px) 100vw, 800px\" \/>\t\t\t\t\t\t\t\t\t\t\t<figcaption class=\"widget-image-caption wp-caption-text\"><\/figcaption>\n\t\t\t\t\t\t\t\t\t\t<\/figure>\n\t\t\t\t\t\t\t\t\t<\/div>\n\t\t\t\t<\/div>\n\t\t\t\t<\/div>\n\t\t\t\t\t<\/div>\n\t\t\t\t<\/div>\n\t\t<div class=\"elementor-element elementor-element-d2868b7 e-flex e-con-boxed e-con e-parent\" data-id=\"d2868b7\" data-element_type=\"container\" data-e-type=\"container\">\n\t\t\t\t\t<div class=\"e-con-inner\">\n\t\t<div class=\"elementor-element elementor-element-4e2c62c e-con-full e-flex e-con e-child\" data-id=\"4e2c62c\" data-element_type=\"container\" data-e-type=\"container\">\n\t\t\t\t<div class=\"elementor-element elementor-element-e8853ce elementor-widget elementor-widget-heading\" data-id=\"e8853ce\" data-element_type=\"widget\" data-e-type=\"widget\" data-widget_type=\"heading.default\">\n\t\t\t\t<div class=\"elementor-widget-container\">\n\t\t\t\t\t<h2 class=\"elementor-heading-title elementor-size-default\">Centrum spotka\u0144 Lunow<\/h2>\t\t\t\t<\/div>\n\t\t\t\t<\/div>\n\t\t\t\t<\/div>\n\t\t<div class=\"elementor-element elementor-element-e9052e9 e-con-full e-flex e-con e-child\" data-id=\"e9052e9\" data-element_type=\"container\" data-e-type=\"container\">\n\t\t\t\t<div class=\"elementor-element elementor-element-66636cc elementor-widget elementor-widget-text-editor\" data-id=\"66636cc\" data-element_type=\"widget\" data-e-type=\"widget\" data-widget_type=\"text-editor.default\">\n\t\t\t\t<div class=\"elementor-widget-container\">\n\t\t\t\t\t\t\t\t\t<p>Begegnungszentrum Lunow e.V. <br \/><span style=\"color: var( --e-global-color-text ); font-family: var( --e-global-typography-text-font-family ), Sans-serif; font-size: var( --e-global-typography-text-font-size ); font-weight: var( --e-global-typography-text-font-weight ); text-align: var(--text-align);\">Andrea Teichert<br \/>Gartenstr. 2c, 16248 Lunow-Stolzenhagen <\/span><\/p>\n<p><span style=\"color: var( --e-global-color-text ); font-family: var( --e-global-typography-text-font-family ), Sans-serif; font-size: var( --e-global-typography-text-font-size ); font-weight: var( --e-global-typography-text-font-weight ); text-align: var(--text-align);\">Pok\u00f3j go\u015bcinny od dw\u00f3ch do siedmiu \u0142\u00f3\u017cek, \u0142\u0105cznie 60 miejsc.<\/span><\/p>\n<p>Z centrum spotka\u0144 Lunow do Gro\u00df-Ziethen s\u0105 ok. 22 kilometry.<\/p>\n<p><strong>Ceny i dodatkowe informacje:<br \/><\/strong><span style=\"color: var( --e-global-color-text ); font-family: var( --e-global-typography-text-font-family ), Sans-serif; font-size: var( --e-global-typography-text-font-size ); font-weight: var( --e-global-typography-text-font-weight ); text-align: var(--text-align);\"><a href=\"https:\/\/www.begegnungszentrum-lunow.de\/\" target=\"_blank\" rel=\"noopener\">www.begegnungszentrum-lunow.de\/<\/a><\/span><\/p>\n\t\t\t\t\t\t\t\t<\/div>\n\t\t\t\t<\/div>\n\t\t\t\t<\/div>\n\t\t<div class=\"elementor-element elementor-element-34360b7 e-con-full e-flex e-con e-child\" data-id=\"34360b7\" data-element_type=\"container\" data-e-type=\"container\">\n\t\t\t\t<div class=\"elementor-element elementor-element-14ca588 elementor-widget elementor-widget-image\" data-id=\"14ca588\" data-element_type=\"widget\" data-e-type=\"widget\" data-widget_type=\"image.default\">\n\t\t\t\t<div class=\"elementor-widget-container\">\n\t\t\t\t\t\t\t\t\t\t\t\t<figure class=\"wp-caption\">\n\t\t\t\t\t\t\t\t\t\t<img decoding=\"async\" width=\"800\" height=\"534\" src=\"https:\/\/welterbe-grumsin.de\/wp-content\/uploads\/2024\/09\/uebernachtung-in-lunow-content.jpg\" class=\"attachment-large size-large wp-image-6132\" alt=\"\" srcset=\"https:\/\/welterbe-grumsin.de\/wp-content\/uploads\/2024\/09\/uebernachtung-in-lunow-content.jpg 1024w, https:\/\/welterbe-grumsin.de\/wp-content\/uploads\/2024\/09\/uebernachtung-in-lunow-content-300x200.jpg 300w, https:\/\/welterbe-grumsin.de\/wp-content\/uploads\/2024\/09\/uebernachtung-in-lunow-content-768x512.jpg 768w\" sizes=\"(max-width: 800px) 100vw, 800px\" \/>\t\t\t\t\t\t\t\t\t\t\t<figcaption class=\"widget-image-caption wp-caption-text\">Begegnungszentrum Lunow, Urheber: Andrea Teichert<\/figcaption>\n\t\t\t\t\t\t\t\t\t\t<\/figure>\n\t\t\t\t\t\t\t\t\t<\/div>\n\t\t\t\t<\/div>\n\t\t\t\t<\/div>\n\t\t\t\t\t<\/div>\n\t\t\t\t<\/div>\n\t\t<div class=\"elementor-element elementor-element-5b579d3 e-flex e-con-boxed e-con e-parent\" data-id=\"5b579d3\" data-element_type=\"container\" data-e-type=\"container\">\n\t\t\t\t\t<div class=\"e-con-inner\">\n\t\t\t\t<div class=\"elementor-element elementor-element-cd8d233 elementor-widget elementor-widget-heading\" data-id=\"cd8d233\" data-element_type=\"widget\" data-e-type=\"widget\" data-widget_type=\"heading.default\">\n\t\t\t\t<div class=\"elementor-widget-container\">\n\t\t\t\t\t<h2 class=\"elementor-heading-title elementor-size-default\">o\u015brodek wypoczynkowy seezeit-resort nad jeziorem Werbellinsee<\/h2>\t\t\t\t<\/div>\n\t\t\t\t<\/div>\n\t\t\t\t\t<\/div>\n\t\t\t\t<\/div>\n\t\t<div class=\"elementor-element elementor-element-7f69bf3 e-flex e-con-boxed e-con e-parent\" data-id=\"7f69bf3\" data-element_type=\"container\" data-e-type=\"container\">\n\t\t\t\t\t<div class=\"e-con-inner\">\n\t\t<div class=\"elementor-element elementor-element-49bc6a4 e-con-full e-flex e-con e-child\" data-id=\"49bc6a4\" data-element_type=\"container\" data-e-type=\"container\">\n\t\t\t\t<div class=\"elementor-element elementor-element-cca7bf9 elementor-widget elementor-widget-text-editor\" data-id=\"cca7bf9\" data-element_type=\"widget\" data-e-type=\"widget\" data-widget_type=\"text-editor.default\">\n\t\t\t\t<div class=\"elementor-widget-container\">\n\t\t\t\t\t\t\t\t\t<p>EJB Werbellinsee<br \/>Joachimsthaler Stra\u00dfe 20, 16247 Joachimsthal<\/p>\n<p>5 r\u00f3\u017cnych kategorii na 105 hektarach nieska\u017conej natury. Po\u0142udniowe wej\u015bcie do lasu bukowego Grumsin w Gro\u00df-Ziethen znajduje si\u0119 oko\u0142o 18 kilometr\u00f3w od o\u015brodka wypoczynkowego seezeit. <\/p>\n<p><strong>Ceny i dodatkowe informacje:<br \/><\/strong><a href=\"https:\/\/www.seezeit-resort.de\/\" target=\"_blank\" rel=\"noopener\">www.seezeit-resort.de\/<\/a><\/p>\n\t\t\t\t\t\t\t\t<\/div>\n\t\t\t\t<\/div>\n\t\t\t\t<\/div>\n\t\t<div class=\"elementor-element elementor-element-964ec34 e-con-full e-flex e-con e-child\" data-id=\"964ec34\" data-element_type=\"container\" data-e-type=\"container\">\n\t\t\t\t<div class=\"elementor-element elementor-element-f6a5d81 elementor-widget elementor-widget-image\" data-id=\"f6a5d81\" data-element_type=\"widget\" data-e-type=\"widget\" data-widget_type=\"image.default\">\n\t\t\t\t<div class=\"elementor-widget-container\">\n\t\t\t\t\t\t\t\t\t\t\t\t<figure class=\"wp-caption\">\n\t\t\t\t\t\t\t\t\t\t<img decoding=\"async\" width=\"800\" height=\"534\" src=\"https:\/\/welterbe-grumsin.de\/wp-content\/uploads\/2024\/10\/uebernachtung-ejb-werbelinsee.jpg\" class=\"attachment-large size-large wp-image-6234\" alt=\"\" srcset=\"https:\/\/welterbe-grumsin.de\/wp-content\/uploads\/2024\/10\/uebernachtung-ejb-werbelinsee.jpg 1024w, https:\/\/welterbe-grumsin.de\/wp-content\/uploads\/2024\/10\/uebernachtung-ejb-werbelinsee-300x200.jpg 300w, https:\/\/welterbe-grumsin.de\/wp-content\/uploads\/2024\/10\/uebernachtung-ejb-werbelinsee-768x512.jpg 768w\" sizes=\"(max-width: 800px) 100vw, 800px\" \/>\t\t\t\t\t\t\t\t\t\t\t<figcaption class=\"widget-image-caption wp-caption-text\">Noclegi grupowe w o\u015brodku seezeit nad jeziorem Werbellinsee, autor: seezeit-resort<\/figcaption>\n\t\t\t\t\t\t\t\t\t\t<\/figure>\n\t\t\t\t\t\t\t\t\t<\/div>\n\t\t\t\t<\/div>\n\t\t\t\t<\/div>\n\t\t\t\t\t<\/div>\n\t\t\t\t<\/div>\n\t\t<div class=\"elementor-element elementor-element-966447f e-flex e-con-boxed e-con e-parent\" data-id=\"966447f\" data-element_type=\"container\" data-e-type=\"container\">\n\t\t\t\t\t<div class=\"e-con-inner\">\n\t\t\t\t<div class=\"elementor-element elementor-element-7af2f6f elementor-widget elementor-widget-text-editor\" data-id=\"7af2f6f\" data-element_type=\"widget\" data-e-type=\"widget\" data-widget_type=\"text-editor.default\">\n\t\t\t\t<div class=\"elementor-widget-container\">\n\t\t\t\t\t\t\t\t\t<p><strong>Wi\u0119cej ofert noclegowych, np. dla pojedynczych os\u00f3b, mo\u017cna znale\u017a\u0107 na stronach organizacji turystycznych <a href=\"https:\/\/www.angermuende-tourismus.de\/planen-buchen\/unterkuenfte\/\" target=\"_blank\" rel=\"noopener\">Tourismusverein Angerm\u00fcnde<\/a> oraz <a href=\"https:\/\/www.tourismus-uckermark.de\/\" target=\"_blank\" rel=\"noopener\">Tourismusmarketing Uckermark<\/a>.<\/strong><\/p>\n\t\t\t\t\t\t\t\t<\/div>\n\t\t\t\t<\/div>\n\t\t\t\t\t<\/div>\n\t\t\t\t<\/div>\n\t\t<div class=\"elementor-element elementor-element-fd296a1 e-flex e-con-boxed e-con e-parent\" data-id=\"fd296a1\" data-element_type=\"container\" data-e-type=\"container\">\n\t\t\t\t\t<div class=\"e-con-inner\">\n\t\t\t\t<div class=\"elementor-element elementor-element-0ff9a8d elementor-widget elementor-widget-heading\" data-id=\"0ff9a8d\" data-element_type=\"widget\" data-e-type=\"widget\" data-widget_type=\"heading.default\">\n\t\t\t\t<div class=\"elementor-widget-container\">\n\t\t\t\t\t<h2 class=\"elementor-heading-title elementor-size-default\">Camping \/ miejsca dla kamper\u00f3w<\/h2>\t\t\t\t<\/div>\n\t\t\t\t<\/div>\n\t\t\t\t\t<\/div>\n\t\t\t\t<\/div>\n\t\t<div class=\"elementor-element elementor-element-84a198f e-flex e-con-boxed e-con e-parent\" data-id=\"84a198f\" data-element_type=\"container\" data-e-type=\"container\">\n\t\t\t\t\t<div class=\"e-con-inner\">\n\t\t<div class=\"elementor-element elementor-element-d65c4ba e-con-full e-flex e-con e-child\" data-id=\"d65c4ba\" data-element_type=\"container\" data-e-type=\"container\">\n\t\t\t\t<div class=\"elementor-element elementor-element-7e7b450 elementor-widget elementor-widget-text-editor\" data-id=\"7e7b450\" data-element_type=\"widget\" data-e-type=\"widget\" data-widget_type=\"text-editor.default\">\n\t\t\t\t<div class=\"elementor-widget-container\">\n\t\t\t\t\t\t\t\t\t<div class=\"elementor-element elementor-element-964344d e-con-full e-flex e-con e-child\" data-id=\"964344d\" data-element_type=\"container\">\n<div class=\"elementor-element elementor-element-53c0536 elementor-widget elementor-widget-heading\" data-id=\"53c0536\" data-element_type=\"widget\" data-widget_type=\"heading.default\">\n<div class=\"elementor-widget-container\">\n<h2 class=\"elementor-heading-title elementor-size-default\">Parking przy Blumberger M\u00fchle<\/h2>\n<\/div>\n<\/div>\n<\/div>\n<div class=\"elementor-element elementor-element-d0d5702 e-con-full e-flex e-con e-child\" data-id=\"d0d5702\" data-element_type=\"container\">\n<div class=\"elementor-element elementor-element-8264cb9 elementor-widget elementor-widget-text-editor\" data-id=\"8264cb9\" data-element_type=\"widget\" data-widget_type=\"text-editor.default\">\n<div class=\"elementor-widget-container\">\n<p>Jest dost\u0119pne miejsce postojowe dla kamper\u00f3w i przyczep kempingowych w bezpo\u015brednim s\u0105siedztwie centrum przyrodniczego <a href=\"https:\/\/blumberger-muehle.nabu.de\/\" target=\"_blank\" rel=\"noopener\">NABU-Naturerlebniszentrum Blumberger M\u00fchle<\/a>. Miejsce jest bezp\u0142atne i usytuowane w malowniczym otoczeniu. Dozwolony jest post\u00f3j do dw\u00f3ch nocleg\u00f3w.  <\/p>\n<p><strong>Po\u0142o\u017cenie:<\/strong><br \/>Parking znajduje si\u0119 w spokojnej okolicy, przy centrum przyrodniczym NABU Blumberger M\u00fchle w Angerm\u00fcnde \/ Kerkow. Stacja kolejowa Angerm\u00fcnde oddalona jest o oko\u0142o sze\u015b\u0107 kilometr\u00f3w i mo\u017cna do niej \u0142atwo dotrze\u0107 autobusem lub rowerem. <\/p>\n<p><strong>Inne:<\/strong><br \/>Na parkingu nie ma mo\u017cliwo\u015bci pod\u0142\u0105czenia pr\u0105du ani wody ani utylizacji odpad\u00f3w. Toalet\u0119 mo\u017cna opr\u00f3\u017cni\u0107 w oczyszczalni <a href=\"https:\/\/www.zowa-online.de\/\" target=\"_blank\" rel=\"noopener\">ZOWA in Angerm\u00fcnde<\/a>.  <\/p>\n<\/div>\n<\/div>\n<\/div>\n\t\t\t\t\t\t\t\t<\/div>\n\t\t\t\t<\/div>\n\t\t\t\t<\/div>\n\t\t<div class=\"elementor-element elementor-element-da85ddd e-con-full e-flex e-con e-child\" data-id=\"da85ddd\" data-element_type=\"container\" data-e-type=\"container\">\n\t\t\t\t<div class=\"elementor-element elementor-element-bfc5cd4 elementor-widget elementor-widget-image\" data-id=\"bfc5cd4\" data-element_type=\"widget\" data-e-type=\"widget\" data-widget_type=\"image.default\">\n\t\t\t\t<div class=\"elementor-widget-container\">\n\t\t\t\t\t\t\t\t\t\t\t\t<figure class=\"wp-caption\">\n\t\t\t\t\t\t\t\t\t\t<img loading=\"lazy\" decoding=\"async\" width=\"800\" height=\"534\" src=\"https:\/\/welterbe-grumsin.de\/wp-content\/uploads\/2024\/12\/wohnmobil-stellplatz-blumberger-muehle.jpg\" class=\"attachment-large size-large wp-image-6400\" alt=\"\" srcset=\"https:\/\/welterbe-grumsin.de\/wp-content\/uploads\/2024\/12\/wohnmobil-stellplatz-blumberger-muehle.jpg 1024w, https:\/\/welterbe-grumsin.de\/wp-content\/uploads\/2024\/12\/wohnmobil-stellplatz-blumberger-muehle-300x200.jpg 300w, https:\/\/welterbe-grumsin.de\/wp-content\/uploads\/2024\/12\/wohnmobil-stellplatz-blumberger-muehle-768x512.jpg 768w\" sizes=\"(max-width: 800px) 100vw, 800px\" \/>\t\t\t\t\t\t\t\t\t\t\t<figcaption class=\"widget-image-caption wp-caption-text\">Parking Angerm\u00fcnde, autor: NABU<\/figcaption>\n\t\t\t\t\t\t\t\t\t\t<\/figure>\n\t\t\t\t\t\t\t\t\t<\/div>\n\t\t\t\t<\/div>\n\t\t\t\t<\/div>\n\t\t\t\t\t<\/div>\n\t\t\t\t<\/div>\n\t\t<div class=\"elementor-element elementor-element-dcb5550 e-flex e-con-boxed e-con e-parent\" data-id=\"dcb5550\" data-element_type=\"container\" data-e-type=\"container\">\n\t\t\t\t\t<div class=\"e-con-inner\">\n\t\t<div class=\"elementor-element elementor-element-cea9b91 e-con-full e-flex e-con e-child\" data-id=\"cea9b91\" data-element_type=\"container\" data-e-type=\"container\">\n\t\t\t\t<div class=\"elementor-element elementor-element-087804b elementor-widget elementor-widget-text-editor\" data-id=\"087804b\" data-element_type=\"widget\" data-e-type=\"widget\" data-widget_type=\"text-editor.default\">\n\t\t\t\t<div class=\"elementor-widget-container\">\n\t\t\t\t\t\t\t\t\t<div class=\"elementor-element elementor-element-66470e1 e-con-full e-flex e-con e-child\" data-id=\"66470e1\" data-element_type=\"container\">\n<div class=\"elementor-element elementor-element-05bfe84 elementor-widget elementor-widget-heading\" data-id=\"05bfe84\" data-element_type=\"widget\" data-widget_type=\"heading.default\">\n<div class=\"elementor-widget-container\">\n<h2 class=\"elementor-heading-title elementor-size-default\">Miejsce postojowe Angerm\u00fcnde<\/h2>\n<\/div>\n<\/div>\n<\/div>\n<div class=\"elementor-element elementor-element-aa74559 e-con-full e-flex e-con e-child\" data-id=\"aa74559\" data-element_type=\"container\">\n<div class=\"elementor-element elementor-element-bf8eaa2 elementor-widget elementor-widget-text-editor\" data-id=\"bf8eaa2\" data-element_type=\"widget\" data-widget_type=\"text-editor.default\">\n<div class=\"elementor-widget-container\">\n<p>W \u015brodku Angerm\u00fcnde dost\u0119pny jest parking dla kamper\u00f3w i przyczep kempingowych na dziesi\u0119\u0107 miejsc o d\u0142ugo\u015bci o\u015bmiu metr\u00f3w. Parking jest p\u0142atny (parkomat) i mo\u017cna z niego korzysta\u0107 bez ogranicze\u0144 czasowych. Miejsca dla kamper\u00f3w zlokalizowane s\u0105 w tylnej cz\u0119\u015bci og\u00f3lnodost\u0119pnego parkingu. Wjazd od strony Stra\u00dfe des Friedens.   <\/p>\n<p><strong>Po\u0142o\u017cenie: <\/strong><\/p>\n<p>Miejsce postojowe dla kamper\u00f3w umiejscowione jest bezpo\u015brednio przy historycznym murze miejskim w bezpo\u015brednim pobli\u017cu parku pokoju, w spokojnej okolicy. Mo\u017cna st\u0105d zwiedza\u0107 historyczne centrum miasta. Stacja kolejowa r\u00f3wnie\u017c znajduje si\u0119 w odleg\u0142o\u015bci spaceru   <\/p>\n<p><strong>Wyposa\u017cenie:<\/strong><br \/>Przy\u0142\u0105cza pr\u0105du i wody s\u0105 odp\u0142atne. Toalet\u0119 mo\u017cna odda\u0107 do utylizacji w oczyszczalni ZOWA w Angerm\u00fcnde. Lokale gastronomiczne i sklepy s\u0105 \u0142atwo dost\u0119pne pieszo.  <\/p>\n<\/div>\n<\/div>\n<\/div>\n\t\t\t\t\t\t\t\t<\/div>\n\t\t\t\t<\/div>\n\t\t\t\t<\/div>\n\t\t<div class=\"elementor-element elementor-element-ff6361d e-con-full e-flex e-con e-child\" data-id=\"ff6361d\" data-element_type=\"container\" data-e-type=\"container\">\n\t\t\t\t<div class=\"elementor-element elementor-element-cf022c3 elementor-widget elementor-widget-image\" data-id=\"cf022c3\" data-element_type=\"widget\" data-e-type=\"widget\" data-widget_type=\"image.default\">\n\t\t\t\t<div class=\"elementor-widget-container\">\n\t\t\t\t\t\t\t\t\t\t\t\t<figure class=\"wp-caption\">\n\t\t\t\t\t\t\t\t\t\t<img loading=\"lazy\" decoding=\"async\" width=\"800\" height=\"534\" src=\"https:\/\/welterbe-grumsin.de\/wp-content\/uploads\/2024\/09\/wohnmobil-stellplatz-stadt-angermuende.jpg\" class=\"attachment-large size-large wp-image-6040\" alt=\"\" srcset=\"https:\/\/welterbe-grumsin.de\/wp-content\/uploads\/2024\/09\/wohnmobil-stellplatz-stadt-angermuende.jpg 1024w, https:\/\/welterbe-grumsin.de\/wp-content\/uploads\/2024\/09\/wohnmobil-stellplatz-stadt-angermuende-300x200.jpg 300w, https:\/\/welterbe-grumsin.de\/wp-content\/uploads\/2024\/09\/wohnmobil-stellplatz-stadt-angermuende-768x512.jpg 768w\" sizes=\"(max-width: 800px) 100vw, 800px\" \/>\t\t\t\t\t\t\t\t\t\t\t<figcaption class=\"widget-image-caption wp-caption-text\">Parking Angerm\u00fcnde, autor: Helen M\u00fcnnich<\/figcaption>\n\t\t\t\t\t\t\t\t\t\t<\/figure>\n\t\t\t\t\t\t\t\t\t<\/div>\n\t\t\t\t<\/div>\n\t\t\t\t<\/div>\n\t\t\t\t\t<\/div>\n\t\t\t\t<\/div>\n\t\t<div class=\"elementor-element elementor-element-d05d09c e-flex e-con-boxed e-con e-parent\" data-id=\"d05d09c\" data-element_type=\"container\" data-e-type=\"container\">\n\t\t\t\t\t<div class=\"e-con-inner\">\n\t\t<div class=\"elementor-element elementor-element-badcff6 e-con-full e-flex e-con e-child\" data-id=\"badcff6\" data-element_type=\"container\" data-e-type=\"container\">\n\t\t\t\t<div class=\"elementor-element elementor-element-77fa341 elementor-widget__width-initial elementor-widget elementor-widget-text-editor\" data-id=\"77fa341\" data-element_type=\"widget\" data-e-type=\"widget\" data-widget_type=\"text-editor.default\">\n\t\t\t\t<div class=\"elementor-widget-container\">\n\t\t\t\t\t\t\t\t\t<div id=\"campingplatz-am-wolletzsee\" class=\"elementor-element elementor-element-2d537f0 e-flex e-con-boxed e-con e-parent e-lazyloaded\" data-id=\"2d537f0\" data-element_type=\"container\">\n<div class=\"e-con-inner\">\n<div class=\"elementor-element elementor-element-71c46f9 e-con-full e-flex e-con e-child\" data-id=\"71c46f9\" data-element_type=\"container\">\n<div class=\"elementor-element elementor-element-0e55eaa elementor-widget elementor-widget-heading\" data-id=\"0e55eaa\" data-element_type=\"widget\" data-widget_type=\"heading.default\">\n<div class=\"elementor-widget-container\">\n<h2 class=\"elementor-heading-title elementor-size-default\">Camping nad jeziorem Wolletzsee<\/h2>\n<\/div>\n<\/div>\n<\/div>\n<div class=\"elementor-element elementor-element-1bffc4c e-con-full e-flex e-con e-child\" data-id=\"1bffc4c\" data-element_type=\"container\">\n<div class=\"elementor-element elementor-element-fb0359d elementor-widget elementor-widget-text-editor\" data-id=\"fb0359d\" data-element_type=\"widget\" data-widget_type=\"text-editor.default\">\n<div class=\"elementor-widget-container\">\n<p><a href=\"https:\/\/www.acvw.de\/\" target=\"_blank\" rel=\"noopener\">Camping nad jeziorem Wolletzsee<\/a> to camping w naturalnym otoczeniu, bezpo\u015brednio przy trasie rowerowej Berlin &#8211; Uznam. Obok znajduje si\u0119 <a href=\"https:\/\/welterbe-grumsin.de\/pl\/kapiele-w-regionie\/\" target=\"_blank\" rel=\"noopener\">k\u0105pielisko Wolletzsee<\/a>. K\u0105pielisko jest cz\u0119\u015bci\u0105 rezerwatu biosfery UNESCO Schorfheide-Chorin.  <\/p>\n<p>Camping oferuje miejsca namiotowe dla turyst\u00f3w rowerowych, stanowiska dla przyczep campingowych i kamper\u00f3w. Jest otwarty od maja do wrze\u015bnia. <\/p>\n<p><strong>Po\u0142o\u017cenie:<\/strong><\/p>\n<p>Camping po\u0142o\u017cony jest w bardzo spokojnym miejscu, w rezerwacje biosfery nad jeziorem Wolletzsee. Z tego miejsca do Angerm\u00fcnde mo\u017cna dosta\u0107 si\u0119 wygodnie rowerem lub autobusem.  <\/p>\n<p><strong>Wyposa\u017cenie:<\/strong><br \/>miejsce grillowe z grillem, prysznic\/WC, tenis sto\u0142owy, 25 parceli turystycznych, 44 parceli d\u0142ugoterminowych, zwierz\u0119ta niedozwolone.<\/p>\n<\/div>\n<\/div>\n<\/div>\n<\/div>\n<\/div>\n<div class=\"elementor-element elementor-element-0129d39 e-flex e-con-boxed e-con e-parent e-lazyloaded\" data-id=\"0129d39\" data-element_type=\"container\">\n<div class=\"e-con-inner\">\n<div class=\"elementor-element elementor-element-4102349 e-con-full e-flex e-con e-child\" data-id=\"4102349\" data-element_type=\"container\">\n<div class=\"elementor-element elementor-element-6a5e2e5 elementor-widget elementor-widget-heading\" data-id=\"6a5e2e5\" data-element_type=\"widget\" data-widget_type=\"heading.default\">\n<div class=\"elementor-widget-container\">\n<h2 class=\"elementor-heading-title elementor-size-default\">Camping przy Sassenpfuhl<\/h2>\n<\/div>\n<\/div>\n<\/div>\n<div class=\"elementor-element elementor-element-f68cabb e-con-full e-flex e-con e-child\" data-id=\"f68cabb\" data-element_type=\"container\">\n<div class=\"elementor-element elementor-element-40b03db elementor-widget elementor-widget-text-editor\" data-id=\"40b03db\" data-element_type=\"widget\" data-widget_type=\"text-editor.default\">\n<div class=\"elementor-widget-container\">\n<p><a href=\"https:\/\/campingplatz-am-sassenpfuhl.de\">Camping przy Sassenphul<\/a> po\u0142o\u017cony w r\u00f3wnie malowniczym naturalnym otoczeniu, jest idealnym punktem pocz\u0105tkowym dla w\u0119dr\u00f3wek pieszych, wycieczek rowerowych i obserwacji przyrody. Znajduj\u0105 si\u0119 na nim du\u017ce parcele dla kamper\u00f3w, przyczep campingowych i namiot\u00f3w.  <\/p>\n<p><strong>Po\u0142o\u017cenie:<br \/><\/strong>Ten camping po\u0142o\u017cony jest bezpo\u015brednio przy B198 w 16247 Alth\u00fcttendorf, na po\u0142udnie od Grumsin. <\/p>\n<p><strong>Wyposa\u017cenie: <\/strong><\/p>\n<p>Parcele wyposa\u017cone s\u0105 w przy\u0142\u0105cza elektryczne. Sanitariaty oraz punkty zasilania i utylizacji znajduj\u0105 bezpo\u015brednio na campingu.  <\/p>\n<\/div>\n<\/div>\n<\/div>\n<\/div>\n<\/div>\n<div class=\"elementor-element elementor-element-d7564c4 e-flex e-con-boxed e-con e-parent e-lazyloaded\" data-id=\"d7564c4\" data-element_type=\"container\">\n<div class=\"e-con-inner\">\n<div class=\"elementor-element elementor-element-b9bc619 elementor-widget elementor-widget-text-editor\" data-id=\"b9bc619\" data-element_type=\"widget\" data-widget_type=\"text-editor.default\">\n<div class=\"elementor-widget-container\">\n<h3>Informacje dodatkowe:<\/h3>\n<p>Wi\u0119cej informacji o campingach w okolicy lasu bukowego Grumsin mo\u017cna znale\u017a\u0107 na stronie informacji turystycznej: <a href=\"https:\/\/www.angermuende-tourismus.de\/planen-buchen\/camping-und-wohnmobilstellplaetze\" target=\"_blank\" rel=\"noopener\">www.angermuende-tourismus.de<\/a><\/p>\n<\/div>\n<\/div>\n<\/div>\n<\/div>\n\t\t\t\t\t\t\t\t<\/div>\n\t\t\t\t<\/div>\n\t\t\t\t<\/div>\n\t\t<div class=\"elementor-element elementor-element-5105ce7 e-con-full e-flex e-con e-child\" data-id=\"5105ce7\" data-element_type=\"container\" data-e-type=\"container\">\n\t\t\t\t<div class=\"elementor-element elementor-element-83470bc elementor-widget elementor-widget-image\" data-id=\"83470bc\" data-element_type=\"widget\" data-e-type=\"widget\" data-widget_type=\"image.default\">\n\t\t\t\t<div class=\"elementor-widget-container\">\n\t\t\t\t\t\t\t\t\t\t\t\t<figure class=\"wp-caption\">\n\t\t\t\t\t\t\t\t\t\t<img loading=\"lazy\" decoding=\"async\" width=\"800\" height=\"600\" src=\"https:\/\/welterbe-grumsin.de\/wp-content\/uploads\/2024\/12\/Campingplatz-Wolletzsee.jpg\" class=\"attachment-large size-large wp-image-6440\" alt=\"\" srcset=\"https:\/\/welterbe-grumsin.de\/wp-content\/uploads\/2024\/12\/Campingplatz-Wolletzsee.jpg 900w, https:\/\/welterbe-grumsin.de\/wp-content\/uploads\/2024\/12\/Campingplatz-Wolletzsee-300x225.jpg 300w, https:\/\/welterbe-grumsin.de\/wp-content\/uploads\/2024\/12\/Campingplatz-Wolletzsee-768x576.jpg 768w\" sizes=\"(max-width: 800px) 100vw, 800px\" \/>\t\t\t\t\t\t\t\t\t\t\t<figcaption class=\"widget-image-caption wp-caption-text\">Camping Wolletzsee z lotu ptaka, autor: ACVW<\/figcaption>\n\t\t\t\t\t\t\t\t\t\t<\/figure>\n\t\t\t\t\t\t\t\t\t<\/div>\n\t\t\t\t<\/div>\n\t\t\t\t<\/div>\n\t\t\t\t\t<\/div>\n\t\t\t\t<\/div>\n\t\t<div class=\"elementor-element elementor-element-aa48461 e-flex e-con-boxed e-con e-parent\" data-id=\"aa48461\" data-element_type=\"container\" data-e-type=\"container\">\n\t\t\t\t\t<div class=\"e-con-inner\">\n\t\t\t\t<div class=\"elementor-element elementor-element-b296f6f elementor-widget elementor-widget-heading\" data-id=\"b296f6f\" data-element_type=\"widget\" data-e-type=\"widget\" data-widget_type=\"heading.default\">\n\t\t\t\t<div class=\"elementor-widget-container\">\n\t\t\t\t\t<h2 class=\"elementor-heading-title elementor-size-default\">Oferty kulinarne: kawiarnie, restauracje i bary<\/h2>\t\t\t\t<\/div>\n\t\t\t\t<\/div>\n\t\t\t\t\t<\/div>\n\t\t\t\t<\/div>\n\t\t<div class=\"elementor-element elementor-element-a258378 e-flex e-con-boxed e-con e-parent\" data-id=\"a258378\" data-element_type=\"container\" data-e-type=\"container\">\n\t\t\t\t\t<div class=\"e-con-inner\">\n\t\t<div class=\"elementor-element elementor-element-20f446a e-con-full e-flex e-con e-child\" data-id=\"20f446a\" data-element_type=\"container\" data-e-type=\"container\">\n\t\t\t\t<div class=\"elementor-element elementor-element-def9bc7 elementor-widget elementor-widget-text-editor\" data-id=\"def9bc7\" data-element_type=\"widget\" data-e-type=\"widget\" data-widget_type=\"text-editor.default\">\n\t\t\t\t<div class=\"elementor-widget-container\">\n\t\t\t\t\t\t\t\t\t<div class=\"elementor-element elementor-element-a95230e e-con-full e-flex e-con e-child\" data-id=\"a95230e\" data-element_type=\"container\">\n<div class=\"elementor-element elementor-element-7ef73e6 elementor-widget elementor-widget-text-editor\" data-id=\"7ef73e6\" data-element_type=\"widget\" data-widget_type=\"text-editor.default\">\n<div class=\"elementor-widget-container\">\n<p><strong>Wa\u017cna informacja: Bezpo\u015brednio przy punkcie informacyjnym w Altk\u00fcnkendorf aktualnie nie ma \u017cadnych punkt\u00f3w gastronomicznych!<\/strong><\/p>\n<p>W\u0119dr\u00f3wka po bukowym lesie Grumsin zawsze zaostrza apetyt. Ci, kt\u00f3rzy nie zabrali ze sob\u0105 jedzenia, mog\u0105 zje\u015b\u0107 w kilku miejscach w pobli\u017cu obszaru \u015bwiatowego dziedzictwa przyrody: <\/p>\n<p>Jednym z miejsc, w kt\u00f3rym mo\u017cna si\u0119 zatrzyma\u0107 jest <strong>kawiarnia<\/strong> w <a href=\"https:\/\/welterbe-grumsin.de\/pl\/cele-wycieczek\/\" target=\"_blank\" rel=\"noopener\">artystycznej stodole w Louisenhof<\/a>. Po\u015brodku <a href=\"\/wanderrouten-wanderung\/\">pomara\u0144czowego szlaku turystycznego<\/a> mo\u017cna zrobi\u0107 sobie przerw\u0119 i nabra\u0107 energii na ostatnie kilometry. Warto wcze\u015bniej sprawdzi\u0107, czy Louisenhof jest czynny (zazwyczaj w soboty i niedziele w godzinach 12-16).  <\/p>\n<p>Je\u015bli jeste\u015b w po\u0142udniowej cz\u0119\u015bci \u015awiatowego Dziedzictwa, mo\u017cesz zatrzyma\u0107 si\u0119 w <a href=\"https:\/\/www.geopark-eiszeitland.de\/\" target=\"_blank\" rel=\"noopener\">centrum dla odwiedzaj\u0105cych Geopark w Gro\u00df-Ziethen<\/a>. Znajduje si\u0119 tam <strong>bar przek\u0105skowy<\/strong> z kie\u0142baskami i bu\u0142kami, pizz\u0105, kaw\u0105 i herbat\u0105, a tak\u017ce ciastami i tarte flamb\u00e9e.<br \/>A dla wszystkich podr\u00f3\u017cuj\u0105cych w upalne lato: Geopark ma nawet zamra\u017cark\u0119 z lodami! <\/p>\n<p><span style=\"color: var( --e-global-color-text ); font-family: var( --e-global-typography-text-font-family ), Sans-serif; font-size: var( --e-global-typography-text-font-size ); font-weight: var( --e-global-typography-text-font-weight ); text-align: var(--text-align);\">Go\u015bcie podr\u00f3\u017cuj\u0105cy z Altk\u00fcnkendorf<\/span> <strong style=\"color: var( --e-global-color-text ); font-family: var( --e-global-typography-text-font-family ), Sans-serif; font-size: var( --e-global-typography-text-font-size ); text-align: var(--text-align);\">autobusem \u015bwiatowego dziedzictwa przyrody mog\u0105<\/strong> <span style=\"color: var( --e-global-color-text ); font-family: var( --e-global-typography-text-font-family ), Sans-serif; font-size: var( --e-global-typography-text-font-size ); font-weight: var( --e-global-typography-text-font-weight ); text-align: var(--text-align);\">zatrzyma\u0107 si\u0119 w kawiarni przy<\/span> <a style=\"font-family: var( --e-global-typography-text-font-family ), Sans-serif; font-size: var( --e-global-typography-text-font-size ); font-weight: var( --e-global-typography-text-font-weight ); text-align: var(--text-align); background-color: #ffffff;\" href=\"https:\/\/welterbe-grumsin.de\/pl\/cele-wycieczek\/\">Hemme-Milch<\/a><span style=\"color: var( --e-global-color-text ); font-family: var( --e-global-typography-text-font-family ), Sans-serif; font-size: var( --e-global-typography-text-font-size ); font-weight: var( --e-global-typography-text-font-weight ); text-align: var(--text-align);\"> . Hemme Milch  <\/span><a style=\"font-family: var( --e-global-typography-text-font-family ), Sans-serif; font-size: var( --e-global-typography-text-font-size ); font-weight: var( --e-global-typography-text-font-weight ); text-align: var(--text-align); background-color: #ffffff;\" href=\"https:\/\/www.schorfheide-chorin-biosphaerenreservat.de\/hier-leben\/pruefzeichen-des-biosphaerenreservates\/\" target=\"_blank\" rel=\"noopener\">wyr\u00f3\u017cniona jest znakiem jako\u015bci rezerwatu biosfery Schorfheide-Chorin.<\/a><span style=\"color: var( --e-global-color-text ); font-family: var( --e-global-typography-text-font-family ), Sans-serif; font-size: var( --e-global-typography-text-font-size ); font-weight: var( --e-global-typography-text-font-weight ); text-align: var(--text-align);\">. Dieses branchen\u00fcbergreifende Zertifikat zeichnet regionale Unternehmen und Produkte aus, die sich den Prinzipien des UNESCO-Biosph\u00e4renreservates (nachhaltiges, natur- und sozialvertr\u00e4gliches Wirtschaften und eine wirksame Erhaltung der nat\u00fcrlichen Ressourcen in der Biosph\u00e4re) anschlie\u00dfen. Im Hofladen warten Kaffee und Kuchen sowie hofeigene Produkte auf die Wanderer. <a href=\"https:\/\/welterbe-grumsin.de\/pl\/cele-wycieczek\/\">Destylarnia Grumsiner<\/a> oferuje wycieczki z przewodnikiem i degustacje i znajduje si\u0119 w pobli\u017cu punktu informacyjnego w Altk\u00fcnkendorf. Wielu dostawc\u00f3w znajduje si\u0119 r\u00f3wnie\u017c na <g id=\"gid_1\">trasie przyjemno\u015bci.<\/g> Wi\u0119cej kawiarni i restauracji w Angerm\u00fcnde mo\u017cna znale\u017a\u0107 na przyk\u0142ad na stronie internetowej centrum informacji <g id=\"gid_2\">turystycznej w Angerm\u00fcnde<\/g>.     <\/span><\/p>\n<p>Inne wskaz\u00f3wki dotycz\u0105ce miejsc noclegowych i gastronomicznych w Uckermark mo\u017cna znale\u017a\u0107 tutaj <a href=\"http:\/\/www.tourismus-uckermark.de\/erleben\/essen-trinken\" target=\"_blank\" rel=\"noopener\">tutaj<\/a>.<\/p>\n<\/div>\n<\/div>\n<\/div>\n\t\t\t\t\t\t\t\t<\/div>\n\t\t\t\t<\/div>\n\t\t\t\t<\/div>\n\t\t<div class=\"elementor-element elementor-element-9c989e3 e-con-full e-flex e-con e-child\" data-id=\"9c989e3\" data-element_type=\"container\" data-e-type=\"container\">\n\t\t\t\t<div class=\"elementor-element elementor-element-181fe47 elementor-widget elementor-widget-image\" data-id=\"181fe47\" data-element_type=\"widget\" data-e-type=\"widget\" data-widget_type=\"image.default\">\n\t\t\t\t<div class=\"elementor-widget-container\">\n\t\t\t\t\t\t\t\t\t\t\t\t\t\t\t<img loading=\"lazy\" decoding=\"async\" width=\"500\" height=\"311\" src=\"https:\/\/welterbe-grumsin.de\/wp-content\/uploads\/2024\/09\/csm_Pruefzeichen18cm_transparent_Kopie_aa41d73a67.jpg\" class=\"attachment-large size-large wp-image-5976\" alt=\"\" srcset=\"https:\/\/welterbe-grumsin.de\/wp-content\/uploads\/2024\/09\/csm_Pruefzeichen18cm_transparent_Kopie_aa41d73a67.jpg 500w, https:\/\/welterbe-grumsin.de\/wp-content\/uploads\/2024\/09\/csm_Pruefzeichen18cm_transparent_Kopie_aa41d73a67-300x187.jpg 300w\" sizes=\"(max-width: 500px) 100vw, 500px\" \/>\t\t\t\t\t\t\t\t\t\t\t\t\t\t\t<\/div>\n\t\t\t\t<\/div>\n\t\t\t\t<\/div>\n\t\t\t\t\t<\/div>\n\t\t\t\t<\/div>\n\t\t\t\t<\/div>\n\t\t","protected":false},"excerpt":{"rendered":"<p>Mo\u017cliwo\u015bci zakwaterowania dla klas szkolnych i grup Szkolne schronisko m\u0142odzie\u017cowe w Altk\u00fcnkendorf Verein der Freunde des Gymnasiums zu Berlin &#8211; Steglitz e. V.Dietrich Galow Pflasterdamm 6 16278 Angerm\u00fcnde OT Altk\u00fcnkendorftu\u017c obok lasu wpisanego na list\u0119 \u015bwiatowego dziedzictwa Telefon: +49 30 85762700 Tel. kom.: +49 171 4858715 E-mail: buchungsanfrage@schullandheim-altkuenkendorf.de, (po 2-7 \u0142\u00f3\u017cek, \u0142\u0105cznie 34) Ceny i [&hellip;]<\/p>\n","protected":false},"author":1,"featured_media":6032,"parent":0,"menu_order":0,"comment_status":"closed","ping_status":"closed","template":"","meta":{"_acf_changed":false,"inline_featured_image":false,"footnotes":""},"class_list":["post-7135","page","type-page","status-publish","has-post-thumbnail","hentry"],"acf":[],"yoast_head":"<!-- This site is optimized with the Yoast SEO plugin v27.5 - https:\/\/yoast.com\/product\/yoast-seo-wordpress\/ -->\n<title>Nocleg i wy\u017cywienie - Infopunkt Weltnaturerbe Brandenburgs UNESCO<\/title>\n<meta name=\"description\" content=\"Zakwaterowanie i wy\u017cywienie: Tutaj znajdziesz oferty noclegowe, \u017cywieniowe i kempingowe w pobli\u017cu Buchenwald Grumsin\" \/>\n<meta name=\"robots\" content=\"index, follow, max-snippet:-1, max-image-preview:large, max-video-preview:-1\" \/>\n<link rel=\"canonical\" href=\"https:\/\/welterbe-grumsin.de\/pl\/nocleg-i-wyzywienie\/\" \/>\n<meta property=\"og:locale\" content=\"pl_PL\" \/>\n<meta property=\"og:type\" content=\"article\" \/>\n<meta property=\"og:title\" content=\"Nocleg i wy\u017cywienie - Infopunkt Weltnaturerbe Brandenburgs UNESCO\" \/>\n<meta property=\"og:description\" content=\"Zakwaterowanie i wy\u017cywienie: Tutaj znajdziesz oferty noclegowe, \u017cywieniowe i kempingowe w pobli\u017cu Buchenwald Grumsin\" \/>\n<meta property=\"og:url\" content=\"https:\/\/welterbe-grumsin.de\/pl\/nocleg-i-wyzywienie\/\" \/>\n<meta property=\"og:site_name\" content=\"Infopunkt Weltnaturerbe Brandenburgs UNESCO\" \/>\n<meta property=\"article:modified_time\" content=\"2025-07-04T10:40:26+00:00\" \/>\n<meta property=\"og:image\" content=\"https:\/\/welterbe-grumsin.de\/wp-content\/uploads\/2024\/09\/uebernachtung-beitragsbild.jpg\" \/>\n\t<meta property=\"og:image:width\" content=\"1024\" \/>\n\t<meta property=\"og:image:height\" content=\"683\" \/>\n\t<meta property=\"og:image:type\" content=\"image\/jpeg\" \/>\n<meta name=\"twitter:card\" content=\"summary_large_image\" \/>\n<meta name=\"twitter:label1\" content=\"Szacowany czas czytania\" \/>\n\t<meta name=\"twitter:data1\" content=\"5 minut\" \/>\n<script type=\"application\/ld+json\" class=\"yoast-schema-graph\">{\"@context\":\"https:\\\/\\\/schema.org\",\"@graph\":[{\"@type\":\"WebPage\",\"@id\":\"https:\\\/\\\/welterbe-grumsin.de\\\/pl\\\/nocleg-i-wyzywienie\\\/\",\"url\":\"https:\\\/\\\/welterbe-grumsin.de\\\/pl\\\/nocleg-i-wyzywienie\\\/\",\"name\":\"Nocleg i wy\u017cywienie - Infopunkt Weltnaturerbe Brandenburgs UNESCO\",\"isPartOf\":{\"@id\":\"https:\\\/\\\/welterbe-grumsin.de\\\/pl\\\/#website\"},\"primaryImageOfPage\":{\"@id\":\"https:\\\/\\\/welterbe-grumsin.de\\\/pl\\\/nocleg-i-wyzywienie\\\/#primaryimage\"},\"image\":{\"@id\":\"https:\\\/\\\/welterbe-grumsin.de\\\/pl\\\/nocleg-i-wyzywienie\\\/#primaryimage\"},\"thumbnailUrl\":\"https:\\\/\\\/welterbe-grumsin.de\\\/wp-content\\\/uploads\\\/2024\\\/09\\\/uebernachtung-beitragsbild.jpg\",\"datePublished\":\"2024-06-19T03:44:06+00:00\",\"dateModified\":\"2025-07-04T10:40:26+00:00\",\"description\":\"Zakwaterowanie i wy\u017cywienie: Tutaj znajdziesz oferty noclegowe, \u017cywieniowe i kempingowe w pobli\u017cu Buchenwald Grumsin\",\"breadcrumb\":{\"@id\":\"https:\\\/\\\/welterbe-grumsin.de\\\/pl\\\/nocleg-i-wyzywienie\\\/#breadcrumb\"},\"inLanguage\":\"pl-PL\",\"potentialAction\":[{\"@type\":\"ReadAction\",\"target\":[\"https:\\\/\\\/welterbe-grumsin.de\\\/pl\\\/nocleg-i-wyzywienie\\\/\"]}]},{\"@type\":\"ImageObject\",\"inLanguage\":\"pl-PL\",\"@id\":\"https:\\\/\\\/welterbe-grumsin.de\\\/pl\\\/nocleg-i-wyzywienie\\\/#primaryimage\",\"url\":\"https:\\\/\\\/welterbe-grumsin.de\\\/wp-content\\\/uploads\\\/2024\\\/09\\\/uebernachtung-beitragsbild.jpg\",\"contentUrl\":\"https:\\\/\\\/welterbe-grumsin.de\\\/wp-content\\\/uploads\\\/2024\\\/09\\\/uebernachtung-beitragsbild.jpg\",\"width\":1024,\"height\":683},{\"@type\":\"BreadcrumbList\",\"@id\":\"https:\\\/\\\/welterbe-grumsin.de\\\/pl\\\/nocleg-i-wyzywienie\\\/#breadcrumb\",\"itemListElement\":[{\"@type\":\"ListItem\",\"position\":1,\"name\":\"Startseite\",\"item\":\"https:\\\/\\\/welterbe-grumsin.de\\\/pl\\\/strona-glowna\\\/\"},{\"@type\":\"ListItem\",\"position\":2,\"name\":\"Nocleg i wy\u017cywienie\"}]},{\"@type\":\"WebSite\",\"@id\":\"https:\\\/\\\/welterbe-grumsin.de\\\/pl\\\/#website\",\"url\":\"https:\\\/\\\/welterbe-grumsin.de\\\/pl\\\/\",\"name\":\"welterbe-grumsin\",\"description\":\"Buchenwald Grumsin - Brandenburgs einziges UNESCO-Weltnaturerbe\",\"publisher\":{\"@id\":\"https:\\\/\\\/welterbe-grumsin.de\\\/pl\\\/#organization\"},\"potentialAction\":[{\"@type\":\"SearchAction\",\"target\":{\"@type\":\"EntryPoint\",\"urlTemplate\":\"https:\\\/\\\/welterbe-grumsin.de\\\/pl\\\/?s={search_term_string}\"},\"query-input\":{\"@type\":\"PropertyValueSpecification\",\"valueRequired\":true,\"valueName\":\"search_term_string\"}}],\"inLanguage\":\"pl-PL\"},{\"@type\":\"Organization\",\"@id\":\"https:\\\/\\\/welterbe-grumsin.de\\\/pl\\\/#organization\",\"name\":\"Infopunkt Weltnaturerbe Brandenburgs UNESCO\",\"url\":\"https:\\\/\\\/welterbe-grumsin.de\\\/pl\\\/\",\"logo\":{\"@type\":\"ImageObject\",\"inLanguage\":\"pl-PL\",\"@id\":\"https:\\\/\\\/welterbe-grumsin.de\\\/pl\\\/#\\\/schema\\\/logo\\\/image\\\/\",\"url\":\"https:\\\/\\\/welterbe-grumsin.de\\\/wp-content\\\/uploads\\\/2024\\\/06\\\/weltnaturerbe_logo.svg\",\"contentUrl\":\"https:\\\/\\\/welterbe-grumsin.de\\\/wp-content\\\/uploads\\\/2024\\\/06\\\/weltnaturerbe_logo.svg\",\"width\":204,\"height\":273,\"caption\":\"Infopunkt Weltnaturerbe Brandenburgs UNESCO\"},\"image\":{\"@id\":\"https:\\\/\\\/welterbe-grumsin.de\\\/pl\\\/#\\\/schema\\\/logo\\\/image\\\/\"}}]}<\/script>\n<!-- \/ Yoast SEO plugin. -->","yoast_head_json":{"title":"Nocleg i wy\u017cywienie - Infopunkt Weltnaturerbe Brandenburgs UNESCO","description":"Zakwaterowanie i wy\u017cywienie: Tutaj znajdziesz oferty noclegowe, \u017cywieniowe i kempingowe w pobli\u017cu Buchenwald Grumsin","robots":{"index":"index","follow":"follow","max-snippet":"max-snippet:-1","max-image-preview":"max-image-preview:large","max-video-preview":"max-video-preview:-1"},"canonical":"https:\/\/welterbe-grumsin.de\/pl\/nocleg-i-wyzywienie\/","og_locale":"pl_PL","og_type":"article","og_title":"Nocleg i wy\u017cywienie - Infopunkt Weltnaturerbe Brandenburgs UNESCO","og_description":"Zakwaterowanie i wy\u017cywienie: Tutaj znajdziesz oferty noclegowe, \u017cywieniowe i kempingowe w pobli\u017cu Buchenwald Grumsin","og_url":"https:\/\/welterbe-grumsin.de\/pl\/nocleg-i-wyzywienie\/","og_site_name":"Infopunkt Weltnaturerbe Brandenburgs UNESCO","article_modified_time":"2025-07-04T10:40:26+00:00","og_image":[{"width":1024,"height":683,"url":"https:\/\/welterbe-grumsin.de\/wp-content\/uploads\/2024\/09\/uebernachtung-beitragsbild.jpg","type":"image\/jpeg"}],"twitter_card":"summary_large_image","twitter_misc":{"Szacowany czas czytania":"5 minut"},"schema":{"@context":"https:\/\/schema.org","@graph":[{"@type":"WebPage","@id":"https:\/\/welterbe-grumsin.de\/pl\/nocleg-i-wyzywienie\/","url":"https:\/\/welterbe-grumsin.de\/pl\/nocleg-i-wyzywienie\/","name":"Nocleg i wy\u017cywienie - Infopunkt Weltnaturerbe Brandenburgs UNESCO","isPartOf":{"@id":"https:\/\/welterbe-grumsin.de\/pl\/#website"},"primaryImageOfPage":{"@id":"https:\/\/welterbe-grumsin.de\/pl\/nocleg-i-wyzywienie\/#primaryimage"},"image":{"@id":"https:\/\/welterbe-grumsin.de\/pl\/nocleg-i-wyzywienie\/#primaryimage"},"thumbnailUrl":"https:\/\/welterbe-grumsin.de\/wp-content\/uploads\/2024\/09\/uebernachtung-beitragsbild.jpg","datePublished":"2024-06-19T03:44:06+00:00","dateModified":"2025-07-04T10:40:26+00:00","description":"Zakwaterowanie i wy\u017cywienie: Tutaj znajdziesz oferty noclegowe, \u017cywieniowe i kempingowe w pobli\u017cu Buchenwald Grumsin","breadcrumb":{"@id":"https:\/\/welterbe-grumsin.de\/pl\/nocleg-i-wyzywienie\/#breadcrumb"},"inLanguage":"pl-PL","potentialAction":[{"@type":"ReadAction","target":["https:\/\/welterbe-grumsin.de\/pl\/nocleg-i-wyzywienie\/"]}]},{"@type":"ImageObject","inLanguage":"pl-PL","@id":"https:\/\/welterbe-grumsin.de\/pl\/nocleg-i-wyzywienie\/#primaryimage","url":"https:\/\/welterbe-grumsin.de\/wp-content\/uploads\/2024\/09\/uebernachtung-beitragsbild.jpg","contentUrl":"https:\/\/welterbe-grumsin.de\/wp-content\/uploads\/2024\/09\/uebernachtung-beitragsbild.jpg","width":1024,"height":683},{"@type":"BreadcrumbList","@id":"https:\/\/welterbe-grumsin.de\/pl\/nocleg-i-wyzywienie\/#breadcrumb","itemListElement":[{"@type":"ListItem","position":1,"name":"Startseite","item":"https:\/\/welterbe-grumsin.de\/pl\/strona-glowna\/"},{"@type":"ListItem","position":2,"name":"Nocleg i wy\u017cywienie"}]},{"@type":"WebSite","@id":"https:\/\/welterbe-grumsin.de\/pl\/#website","url":"https:\/\/welterbe-grumsin.de\/pl\/","name":"welterbe-grumsin","description":"Buchenwald Grumsin - Brandenburgs einziges UNESCO-Weltnaturerbe","publisher":{"@id":"https:\/\/welterbe-grumsin.de\/pl\/#organization"},"potentialAction":[{"@type":"SearchAction","target":{"@type":"EntryPoint","urlTemplate":"https:\/\/welterbe-grumsin.de\/pl\/?s={search_term_string}"},"query-input":{"@type":"PropertyValueSpecification","valueRequired":true,"valueName":"search_term_string"}}],"inLanguage":"pl-PL"},{"@type":"Organization","@id":"https:\/\/welterbe-grumsin.de\/pl\/#organization","name":"Infopunkt Weltnaturerbe Brandenburgs UNESCO","url":"https:\/\/welterbe-grumsin.de\/pl\/","logo":{"@type":"ImageObject","inLanguage":"pl-PL","@id":"https:\/\/welterbe-grumsin.de\/pl\/#\/schema\/logo\/image\/","url":"https:\/\/welterbe-grumsin.de\/wp-content\/uploads\/2024\/06\/weltnaturerbe_logo.svg","contentUrl":"https:\/\/welterbe-grumsin.de\/wp-content\/uploads\/2024\/06\/weltnaturerbe_logo.svg","width":204,"height":273,"caption":"Infopunkt Weltnaturerbe Brandenburgs UNESCO"},"image":{"@id":"https:\/\/welterbe-grumsin.de\/pl\/#\/schema\/logo\/image\/"}}]}},"_links":{"self":[{"href":"https:\/\/welterbe-grumsin.de\/pl\/wp-json\/wp\/v2\/pages\/7135","targetHints":{"allow":["GET"]}}],"collection":[{"href":"https:\/\/welterbe-grumsin.de\/pl\/wp-json\/wp\/v2\/pages"}],"about":[{"href":"https:\/\/welterbe-grumsin.de\/pl\/wp-json\/wp\/v2\/types\/page"}],"author":[{"embeddable":true,"href":"https:\/\/welterbe-grumsin.de\/pl\/wp-json\/wp\/v2\/users\/1"}],"replies":[{"embeddable":true,"href":"https:\/\/welterbe-grumsin.de\/pl\/wp-json\/wp\/v2\/comments?post=7135"}],"version-history":[{"count":4,"href":"https:\/\/welterbe-grumsin.de\/pl\/wp-json\/wp\/v2\/pages\/7135\/revisions"}],"predecessor-version":[{"id":7935,"href":"https:\/\/welterbe-grumsin.de\/pl\/wp-json\/wp\/v2\/pages\/7135\/revisions\/7935"}],"wp:featuredmedia":[{"embeddable":true,"href":"https:\/\/welterbe-grumsin.de\/pl\/wp-json\/wp\/v2\/media\/6032"}],"wp:attachment":[{"href":"https:\/\/welterbe-grumsin.de\/pl\/wp-json\/wp\/v2\/media?parent=7135"}],"curies":[{"name":"wp","href":"https:\/\/api.w.org\/{rel}","templated":true}]}}